{"id":52,"date":"2019-05-21T10:21:38","date_gmt":"2019-05-21T10:21:38","guid":{"rendered":"http:\/\/sigridbehrens.de\/?page_id=52"},"modified":"2026-02-20T08:17:50","modified_gmt":"2026-02-20T08:17:50","slug":"texte-fuer-die-buehne","status":"publish","type":"page","link":"https:\/\/sigridbehrens.de\/?page_id=52","title":{"rendered":"Texte f\u00fcr die B\u00fchne"},"content":{"rendered":"<p><span style=\"font-size: 12pt;\"><a href=\"https:\/\/dreimaskenverlag.de\/titel\/ainar\" target=\"_blank\" rel=\"noopener\"><strong>AINAR (WIE FL\u00dcGEL)<\/strong>\u00a0<\/a>(7+) *<\/span><br \/>\n<span style=\"font-size: 12pt;\">f\u00fcr drei Darsteller*innen<\/span><\/p>\n<p><span style=\"font-size: 12pt;\"><strong><a href=\"https:\/\/dreimaskenverlag.de\/titel\/anfall-und-ente\" target=\"_blank\" rel=\"noopener\">ANFALL UND ENTE<\/a>\u00a0<\/strong>(5+) *<\/span><br \/>\n<span style=\"font-size: 12pt;\">f\u00fcr zwei bis drei Darsteller*innen<\/span><br \/>\n<span style=\"font-size: 12pt;\">Nominiert f\u00fcr den Heidelberger St\u00fcckemarkt 2017 \/\/ <a href=\"https:\/\/www.youtube.com\/watch?v=yn8kG9AF6zI\" target=\"_blank\" rel=\"noopener\">UA<\/a> am 7.05.17, Junges Theater Konstanz (Regie: <a href=\"https:\/\/www.ingoputz.de\" target=\"_blank\" rel=\"noopener\">Ingo Putz<\/a>) \/\/ Nominiert f\u00fcr den M\u00fclheimer KinderSt\u00fcckePreis 2018<\/span><\/p>\n<p><span style=\"font-size: 12pt;\"><a href=\"https:\/\/dreimaskenverlag.de\/titel\/briefe-an-robert-monster\" target=\"_blank\" rel=\"noopener\"><strong>BRIEFE AN ROBERT (MONSTER)<\/strong>\u00a0<\/a>*<\/span><br \/>\n<span style=\"font-size: 12pt;\">3 D, 3 H<\/span><\/p>\n<p><span style=\"font-size: 12pt;\"><strong>CARGOPOLIS<\/strong>\u00a0<\/span><br \/>\n<span style=\"font-size: 12pt;\">2 D, 2 H<\/span><br \/>\n<span style=\"font-size: 12pt;\">Urauff\u00fchrung am 24.06.11 im Hafenmuseum Hamburg (Regie: <a href=\"http:\/\/www.anna-schildt.de\" target=\"_blank\" rel=\"noopener\">Anna Schildt<\/a><\/span><span style=\"font-size: 12pt;\">)<\/span><\/p>\n<p><span style=\"font-size: 12pt;\"><strong><a href=\"https:\/\/dreimaskenverlag.de\/titel\/die-affare-rue-de-lourcine-buhnenfassung\" target=\"_blank\" rel=\"noopener\">DIE AFF\u00c4RE RUE DE LOURCINE<\/a>\u00a0<\/strong>*<br \/>\n1 D, 4 H<br \/>\n\u00dcbersetzung und Neufassung von Eug\u00e8ne Labiches \u00abL&#8217;Affaire de la Rue de Lourcine\u00bb, Erstauff\u00fchrung der Fassung am 26.03.2022, Theater Bielefeld (Regie: Markus Heinzelmann)\u00a0<\/span><\/p>\n<p><span style=\"font-size: 12pt;\"><\/span><span style=\"font-size: 12pt;\"><a href=\"https:\/\/dreimaskenverlag.de\/titel\/die-augendie-gewohnlichkeit\" target=\"_blank\" rel=\"noopener\"><strong>DIE AUGEN\/ DIE GEW\u00d6HNLICHKEIT<\/strong><\/a>\u00a0*<\/span><br \/>\n<span style=\"font-size: 12pt;\">Ein M\u00e4rchen f\u00fcr Erwachsene, frei nach \u00abEin\u00e4uglein, Zwei\u00e4uglein, Drei\u00e4uglein\u00bb der Gebr\u00fcder Grimm<\/span><br \/>\n<span style=\"font-size: 12pt;\">5 D, 2 H + Statisten<\/span><br \/>\n<span style=\"font-size: 12pt;\">Auftragsst\u00fcck f\u00fcr das Theater Aachen, Urauff\u00fchrung am 9.11.2007 (Regie: <a href=\"http:\/\/www.t-o-niehaus.de\" target=\"_blank\" rel=\"noopener\">Thomas Oliver Niehaus<\/a>)\u00a0<\/span><\/p>\n<p><span style=\"font-size: 12pt;\"><\/span><span style=\"font-size: 12pt;\"><a href=\"https:\/\/dreimaskenverlag.de\/titel\/en-suite-allein-mit-audrey-hepburn\" target=\"_blank\" rel=\"noopener\"><b>EN SUITE (ALLEIN MIT AUDREY HEPBURN) <\/b><\/a>*<\/span><br \/>\n<span style=\"font-size: 12pt;\">1 D<\/span><\/p>\n<p><span style=\"font-size: 12pt;\"><a href=\"http:\/\/www.dreimaskenverlag.de\/\" target=\"_blank\" rel=\"noopener noreferrer\"><\/a><\/span><span style=\"font-size: 12pt;\"><strong style=\"font-size: 12pt;\">ES TR\u00d6STET MICH ZU SEHEN, DASS DU SCHL\u00c4FST<\/strong><\/span><br \/>\n<span style=\"font-size: 12pt;\">2 D, 2 H<\/span><\/p>\n<p><span style=\"font-size: 12pt;\"><a href=\"https:\/\/dreimaskenverlag.de\/titel\/fallen\" target=\"_blank\" rel=\"noopener\"><strong>FALLEN<\/strong><\/a>\u00a0*\u00a0<\/span><br \/>\n<span style=\"font-size: 12pt;\">mindestens 9 Darsteller*innen (optionale Besetzung)<\/span><br \/>\n<span style=\"font-size: 12pt;\">Urauff\u00fchrung am Badischen Staatstheater Karlsruhe, 26.01.2006 (Regie: Esther Hattenbach)\u00a0<\/span><\/p>\n<p><span style=\"font-size: 12pt;\"><b>FEUER! ODER: ICH BRINGE DIR SCHULDEN UND \u00dcBERNEHME MICH, MEIN HERZ<\/b><\/span><br \/>\n<span style=\"font-size: 12pt;\">3 D, 3 H<\/span><br \/>\n<span style=\"font-size: 12pt;\">Auftragsst\u00fcck f\u00fcr das Theater Aachen (Projekt Nibelungen\/ G\u00f6tterd\u00e4mmerung), Urauff\u00fchrung am 22.03.07 (Regie: Markus Bothe<\/span><span style=\"font-size: 12pt;\">)<\/span><\/p>\n<p><span style=\"font-size: 12pt;\"><a href=\"https:\/\/dreimaskenverlag.de\/titel\/floh-im-ohr-buhnenbearbeitung\" target=\"_blank\" rel=\"noopener\"><strong>FLOH IM OHR <\/strong><\/a>*<br \/>\n5 D, 10 H<br \/>\n\u00dcbersetzung und Neufassung von George Feydeaus\u00a0\u00abLa Puce \u00e0 l&#8217;oreille\u00bb\u00a0<\/span><\/p>\n<p><span style=\"font-size: 12pt;\"><a href=\"http:\/\/www.theateraachen.de\/\" target=\"_blank\" rel=\"noopener noreferrer\"><\/a><\/span><span style=\"font-size: 12pt;\"><a href=\"https:\/\/dreimaskenverlag.de\/titel\/grenzlandab-jetzt\" target=\"_blank\" rel=\"noopener\"><strong>GRENZLAND\/ AB JETZT<\/strong><\/a>\u00a0*<\/span><br \/>\n<span style=\"font-size: 12pt;\">1 D, 1 H<\/span><\/p>\n<p><span style=\"font-size: 12pt;\"><strong><a href=\"https:\/\/dreimaskenverlag.de\/titel\/haustorien\" target=\"_blank\" rel=\"noopener\">HAUSTORIEN ODER: DEINE K\u00dcCHE SIEHT MIR \u00c4HNLICH<\/a>\u00a0<\/strong>*<\/span><br \/>\n<span style=\"font-size: 12pt;\">3 D, 2 H<\/span><br \/>\n<span style=\"font-size: 12pt;\">Auff\u00fchrungen am 1., 5. und 6.06.08 im Rahmen der <a href=\"https:\/\/www.altonale.de\/altonale\/programm\/theater\/\" target=\"_blank\" rel=\"noopener\">TheaterAltonale Hamburg<\/a> 2008 (Regie: Tanja Richter)<\/span><\/p>\n<p><span style=\"font-size: 12pt;\"><b><a href=\"https:\/\/dreimaskenverlag.de\/titel\/ich-krieg-euch-alle\" target=\"_blank\" rel=\"noopener\">ICH KRIEG EUCH ALLE<\/a> <\/b>*<\/span><br \/>\n<span style=\"font-size: 12pt;\">4 D, 4 H, 1 Kind<\/span><\/p>\n<p><span style=\"font-size: 12pt;\"><b>ICHWOLKE ODER DEINE DATEN LIEBEN MICH<\/b><\/span><br \/>\n<span style=\"font-size: 12pt;\">1 H<\/span><br \/>\n<span style=\"font-size: 12pt;\">Urauff\u00fchrung am 23.09.13 im Rahmen des ExtremWetterKongresses, KLU Hamburg (Regie: <a href=\"http:\/\/www.anna-schildt.de\" target=\"_blank\" rel=\"noopener\">Anna Schildt<\/a>)<\/span><span style=\"font-size: 12pt;\"><\/span><span style=\"font-size: 12pt;\"><\/span><\/p>\n<p><span style=\"font-size: 12pt;\"><strong>INSTANT<\/strong><\/span><br \/>\n<span style=\"font-size: 12pt;\">1 D, 1 H<\/span><span style=\"font-size: 12pt;\">\u00a0<\/span><\/p>\n<p><span style=\"font-size: 12pt;\"><strong>L&#8217;ISLE D\u00c9SERTE (C&#8217;EST MOI) <\/strong>*<br \/>\nf\u00fcr eine*n Sprecher*in<br \/>\nAuftragswerk f\u00fcr die SWR Schwetzinger Festspiele 2019 anl\u00e4sslich der Wiederentdeckung von\u00a0Franz Ignaz Becks <em>Op\u00e9ra Comique<\/em> \u00abL&#8217;Isle D\u00e9serte\u00bb, \u00a0UA 17.05.2019 (Ensemble: La Stagione\u00a0unter der Leitung von Michael Schneider; Sprecher: Dominique Horwitz<\/span><span style=\"font-size: 12pt;\">)<\/span><span style=\"font-size: 12pt;\">\u00a0<\/span><\/p>\n<p><a href=\"https:\/\/dreimaskenverlag.de\/titel\/loch-moch\" target=\"_blank\" rel=\"noopener\"><span style=\"font-size: 12pt;\"><strong>LOCH MOCH (EINE GESCHICHTE VON SCHWARZEN L\u00d6CHERN)<\/strong><\/span><\/a><span style=\"font-size: 12pt;\"><strong>\u00a0<\/strong>(8+) *<br \/>\nf\u00fcr vier Darsteller*innen<\/span><span style=\"font-size: 12pt;\"><\/span><span style=\"font-size: 12pt;\">\u00a0<\/span><\/p>\n<p><span style=\"font-size: 12pt;\"><strong><a href=\"https:\/\/dreimaskenverlag.de\/titel\/man-spielt-nicht-mit-der-liebe\" target=\"_blank\" rel=\"noopener\">MAN SPIELT NICHT MIT DER LIEBE<\/a>\u00a0<\/strong>*<br \/>\n3 D, 4 H<br \/>\n\u00dcbersetzung und Neufassung von Alfred de Mussets\u00a0\u00abOn ne badine pas avec l&#8217;amour\u00bb\u00a0im Auftrag des Schleswig-Holsteinischen Landestheaters, Erstauff\u00fchrung der Fassung am 21.01.2017 (Regie: Wolfram Apprich)<\/span><\/p>\n<p><span style=\"font-size: 12pt;\"><a href=\"https:\/\/dreimaskenverlag.de\/titel\/musik-der-sterne\" target=\"_blank\" rel=\"noopener\"><strong>MUSIK DER STERNE<\/strong><\/a>\u00a0*\u00a0<\/span><br \/>\n<span style=\"font-size: 12pt;\">2 D, 2 H + Band\u00a0<\/span><br \/>\n<span style=\"font-size: 12pt;\">Auftragsst\u00fcck des Meininger Theaters (gemeinsam mit Jan Dvor\u00e1k), UA 15.03.2006 (Regie: <a href=\"http:\/\/www.jan-dvorak.de\/Lebenslaeufe\/Lebenslauf-lang.htm\" target=\"_blank\" rel=\"noopener\">Jan Dvor\u00e1k<\/a>)\u00a0<\/span><\/p>\n<p><span style=\"font-size: 12pt;\"><a href=\"https:\/\/dreimaskenverlag.de\/titel\/oberwasser\" target=\"_blank\" rel=\"noopener\"><b>OBERWASSER (HAVARIEWAREN) <\/b><\/a>*<\/span><br \/>\n<span style=\"font-size: 12pt;\">mindestens 5 H<\/span><\/p>\n<p><span style=\"font-size: 12pt;\"><a href=\"https:\/\/dreimaskenverlag.de\/titel\/paarweisen\" target=\"_blank\" rel=\"noopener\"><b>PAARWEISEN (EIN EIERTANZ)\u00a0<\/b><\/a>*\u00a0<\/span><br \/>\n<span style=\"font-size: 12pt;\">4 D, 4 H\u00a0<\/span><br \/>\n<span style=\"font-size: 12pt;\">szenische Lesung am Meininger Theater (Reihe \u00abLesbar\u00bb am 23.10.2004)<\/span><\/p>\n<p><span style=\"font-size: 12pt;\"><b>PLATZ F\u00dcR EINE JUNGE DAME<br \/>\n<\/b>3 D<br \/>\n<a href=\"https:\/\/www.youtube.com\/watch?v=ca2Er4MU9B8\" target=\"_blank\" rel=\"noopener\">UA<\/a> am 29.09.09 in einer Musterwohnung von IKEA Hamburg-Moorfleet (Regie: <a href=\"http:\/\/anna-schildt.de\" target=\"_blank\" rel=\"noopener\">Anna Schildt<\/a>)<\/span><\/p>\n<p><span style=\"font-size: 12pt;\"><b>PROMETHEUS UMDENKEN\u00a0<\/b><b><br \/>\n<\/b>f\u00fcr eine*n Sprecher*in<br \/>\nAuftragswerk f\u00fcr ein Sonderkonzert der <a href=\"https:\/\/hamburgercamerata.com\/event\/prometheus\/\" target=\"_blank\" rel=\"noopener\">Hamburger Camerata<\/a>\u00a0unter der Leitung von Simon Gaudenz; UA am 1.11.21\u00a0in der Laeiszhalle Hamburg, Sprecher: Dominique Horwitz<br \/>\n<\/span><\/p>\n<p><span style=\"font-size: 12pt;\"><a href=\"https:\/\/dreimaskenverlag.de\/titel\/quallen\" target=\"_blank\" rel=\"noopener\"><b>QUALLEN\u00a0<\/b><\/a>*<b><br \/>\n<\/b>2 D, 2 H, 1 div.<\/span><\/p>\n<p><span><strong><span style=\"font-size: medium;\"><a href=\"http:\/\/oscarstrasnoy.info\/projects\/robinson\/\" target=\"_blank\" rel=\"noopener\">ROBINSON<\/a>\u00a0<\/span><\/strong><\/span><br \/>\n<span style=\"font-size: 12pt;\">Kammeroper f\u00fcr selbstspielende Klaviere, Automaten und sieben Inseln.<br \/>\n<\/span><span style=\"font-size: 12pt;\">Musik von <a href=\"http:\/\/oscarstrasnoy.info\" target=\"_blank\" rel=\"noopener\">Oscar Strasnoy<\/a><br \/>\nAuftragswerk der <a href=\"https:\/\/www.staatsoper-berlin.de\/de\/\" target=\"_blank\" rel=\"noopener\">Staatsoper Unter den Linden<\/a>. UA am 23.02.23 im Alten Orchesterprobensaal (Regie: <a href=\"https:\/\/de.wikipedia.org\/wiki\/Anna_Bergmann_(Regisseurin)\" target=\"_blank\" rel=\"noopener\">Anna Bergmann<\/a><\/span><span style=\"font-size: 12pt;\">)<\/span><\/p>\n<p><a href=\"https:\/\/dreimaskenverlag.de\/titel\/untergrund\" target=\"_blank\" rel=\"noopener\"><b style=\"font-size: 12pt;\">UNTERGRUND (GRAUMARKTWERTE)<\/b><\/a><span style=\"font-size: 12pt;\"> *<br \/>\nm<\/span><span style=\"font-size: 12pt;\"><span style=\"font-size: 12pt;\"><span style=\"font-size: 12pt;\"><span style=\"font-size: 12pt;\">indestens 5\u00a0<\/span><\/span><\/span><\/span><span style=\"font-size: 12pt;\">H<\/span><\/p>\n<p><a href=\"https:\/\/dreimaskenverlag.de\/titel\/unter-tage\" target=\"_blank\" rel=\"noopener\"><span style=\"font-size: 12pt;\"><b>U<\/b><\/span><span style=\"font-size: 12pt;\"><b>NTER TAGE<\/b><\/span><\/a><b style=\"font-size: 12pt;\">\u00a0<\/b><span style=\"font-size: 12pt;\">*<\/span><b style=\"font-size: 12pt;\"><br \/>\n<\/b><span style=\"font-size: 12pt;\">1 D, 3 H<br \/>\n<\/span><span style=\"font-size: 12pt;\">sz<\/span><span style=\"font-size: 12pt;\">enische Lesung beim Dramatikerwochenende der M\u00fcnchner Kammerspiele 2003 und den Autorentheatertagen 2003 des Staatstheater Saarbr\u00fccken (Preis der Saarbr\u00fccker Zeitung) \/\/<\/span>\u00a0<span style=\"font-size: 12pt;\">H\u00f6rspielproduktion durch den Saarl\u00e4ndischen Rundfunk 2004, Ursendung am 5.12.2004 (Regie: Daniela Kletzke); Nachsendung bei RadioBremen, WDR \/\/<\/span><span style=\"font-size: 12pt;\">\u00a0Leonard Frank-Preis 2007, Urauff\u00fchrung am Main-Franken-Theater W\u00fcrzburg am 17.11.07 (Regie: Nada Kokotovic)\u00a0<\/span><\/p>\n<p><a href=\"https:\/\/dreimaskenverlag.de\/titel\/rapport\" target=\"_blank\" rel=\"noopener\"><span style=\"font-size: 12pt;\"><b>RAPPORT<\/b><\/span><\/a><strong style=\"font-size: 12pt;\">\u00a0<\/strong><span style=\"font-size: 12pt;\">*<\/span><strong style=\"font-size: 12pt;\"><br \/>\n<\/strong><span style=\"font-size: 12pt;\">1<\/span><span style=\"font-size: 12pt;\">\u00a0D<\/span><span style=\"font-size: 12pt;\">, 1 H<br \/>\n<\/span><span style=\"font-size: 12pt;\">sz<\/span><span style=\"font-size: 12pt;\">enische Lesung bei den Autorentheatertagen des Thalia Theaters 2001<\/span><\/p>\n<div>\n<p><span style=\"font-size: 12pt;\"><b>S<\/b><\/span><span style=\"font-size: 12pt;\"><\/span><strong style=\"font-size: 12pt;\">OLITAIRE<\/strong><span style=\"font-size: 12pt;\"> *<strong style=\"font-size: 12pt;\"><b style=\"font-size: 12pt;\"><br \/>\n<\/b><\/strong>3<\/span><span style=\"font-size: 12pt;\">\u00a0D, 2 H<br \/>\n<\/span><span style=\"font-size: 12pt;\">Auftragsst\u00fcck f\u00fcr das Theater Aachen (\u00abTraumstadtsaga\u00bb, Teil 1), Urauff\u00fchrung am 28.11.2005 (Regie: Thomas Fiedler)<\/span><\/p>\n<div>\n<p><span style=\"font-size: 12pt;\"><b><a href=\"https:\/\/dreimaskenverlag.de\/titel\/tartuffe\" target=\"_blank\" rel=\"noopener\">TARTUFFE ODER DER BETR\u00dcGER<\/a>\u00a0<\/b>*<br \/>\n5 D, 7 H<br \/>\n\u00dcbersetzung und Neufassung von Moli\u00e8res \u00abLe Tartuffe ou l&#8217;Imposteur\u00bb im Auftrag des Schleswig-Holsteinischen Landestheaters, Erstauff\u00fchrung der Fassung am 3.11.2012 (Regie: Wolfram Apprich)<\/span><\/p>\n<\/div>\n<p><span style=\"font-size: 12pt;\"><b>WE<\/b><\/span><strong style=\"font-size: 12pt;\">GGEPARKT!<\/strong><span style=\"font-size: 12pt;\"> <strong style=\"font-size: 12pt;\"><b style=\"font-size: 12pt;\"><br \/>\n<\/b><\/strong>3<\/span><span style=\"font-size: 12pt;\">\u00a0D, 5 H<br \/>\n<\/span><span style=\"font-size: 12pt;\">Gemeinschaftsst\u00fcck mit Carsten Brandau und Ulrike Syha im Rahmen der TheaterAltonale Hamburg 2007, Urauff\u00fchrung am 7.06.07 (Regie: Ren\u00e9 Harder, Anna Schildt, Andrea Udl)<\/span><span style=\"font-size: 12pt;\">\u00a0<\/span><span style=\"font-size: 12pt;\">*<\/span><\/p>\n<p><a href=\"https:\/\/dreimaskenverlag.de\/titel\/worte-machen\" target=\"_blank\" rel=\"noopener\"><strong style=\"font-size: 12pt;\">WORTE MACHEN <\/strong><\/a>(6+)<span style=\"font-size: 12pt;\"> *<strong style=\"font-size: 12pt;\"><b style=\"font-size: 12pt;\"><br \/>\n<\/b><\/strong><\/span><span style=\"font-size: 12pt;\">2 D, 2 H +1<\/span><\/p>\n<p>&nbsp;<\/p>\n<p><span style=\"font-size: 12pt;\">* (Die Rechte f\u00fcr diese St\u00fccke liegen beim <a href=\"http:\/\/www.dreimaskenverlag.de\" target=\"_blank\" rel=\"noopener\">Drei Masken Verlag<\/a>, M\u00fcnchen)<\/span><\/p>\n<\/div>\n","protected":false},"excerpt":{"rendered":"<p>AINAR (WIE FL\u00dcGEL)\u00a0(7+) * f\u00fcr drei Darsteller*innen ANFALL UND ENTE\u00a0(5+) * f\u00fcr zwei bis drei Darsteller*innen Nominiert f\u00fcr den Heidelberger St\u00fcckemarkt 2017 \/\/ UA am 7.05.17, Junges Theater Konstanz (Regie: Ingo Putz) \/\/ Nominiert f\u00fcr den M\u00fclheimer KinderSt\u00fcckePreis 2018 BRIEFE AN ROBERT (MONSTER)\u00a0* 3 D, 3 H CARGOPOLIS\u00a0 2 D, [&hellip;]<\/p>\n","protected":false},"author":1,"featured_media":183,"parent":0,"menu_order":0,"comment_status":"closed","ping_status":"closed","template":"","meta":[],"_links":{"self":[{"href":"https:\/\/sigridbehrens.de\/index.php?rest_route=\/wp\/v2\/pages\/52"}],"collection":[{"href":"https:\/\/sigridbehrens.de\/index.php?rest_route=\/wp\/v2\/pages"}],"about":[{"href":"https:\/\/sigridbehrens.de\/index.php?rest_route=\/wp\/v2\/types\/page"}],"author":[{"embeddable":true,"href":"https:\/\/sigridbehrens.de\/index.php?rest_route=\/wp\/v2\/users\/1"}],"replies":[{"embeddable":true,"href":"https:\/\/sigridbehrens.de\/index.php?rest_route=%2Fwp%2Fv2%2Fcomments&post=52"}],"version-history":[{"count":54,"href":"https:\/\/sigridbehrens.de\/index.php?rest_route=\/wp\/v2\/pages\/52\/revisions"}],"predecessor-version":[{"id":656,"href":"https:\/\/sigridbehrens.de\/index.php?rest_route=\/wp\/v2\/pages\/52\/revisions\/656"}],"wp:featuredmedia":[{"embeddable":true,"href":"https:\/\/sigridbehrens.de\/index.php?rest_route=\/wp\/v2\/media\/183"}],"wp:attachment":[{"href":"https:\/\/sigridbehrens.de\/index.php?rest_route=%2Fwp%2Fv2%2Fmedia&parent=52"}],"curies":[{"name":"wp","href":"https:\/\/api.w.org\/{rel}","templated":true}]}}